{"id":1120,"date":"2024-10-10T07:19:06","date_gmt":"2024-10-10T07:19:06","guid":{"rendered":"https:\/\/www.nature-house.it\/der-sommer\/"},"modified":"2024-11-13T15:04:20","modified_gmt":"2024-11-13T15:04:20","slug":"in-estate","status":"publish","type":"page","link":"https:\/\/www.nature-house.it\/it\/in-estate\/","title":{"rendered":"IN ESTATE"},"content":{"rendered":"\t\t<div data-elementor-type=\"wp-page\" data-elementor-id=\"1120\" class=\"elementor elementor-1120 elementor-306\" data-elementor-post-type=\"page\">\n\t\t\t\t<section class=\"elementor-element elementor-element-68b56dda e-con-full entrance overlay red e-flex e-con e-parent\" data-id=\"68b56dda\" data-element_type=\"container\" data-settings=\"{&quot;background_background&quot;:&quot;classic&quot;}\">\n\t\t\t\t<\/section>\n\t\t<div class=\"elementor-element elementor-element-48a20276 e-con-full p-b-l animated-slow e-flex e-con e-parent\" data-id=\"48a20276\" data-element_type=\"container\" data-settings=\"{&quot;background_background&quot;:&quot;classic&quot;,&quot;animation&quot;:&quot;none&quot;}\">\n\t\t<div class=\"elementor-element elementor-element-45f7e1bf e-con-full w-40 inner e-flex e-con e-child\" data-id=\"45f7e1bf\" data-element_type=\"container\">\n\t\t\t\t<div class=\"elementor-element elementor-element-40e82ab4 elementor-widget elementor-widget-heading\" data-id=\"40e82ab4\" data-element_type=\"widget\" data-widget_type=\"heading.default\">\n\t\t\t\t<div class=\"elementor-widget-container\">\n\t\t\t<h1 class=\"elementor-heading-title elementor-size-default\">In estate<\/h1>\t\t<\/div>\n\t\t\t\t<\/div>\n\t\t\t\t<div class=\"elementor-element elementor-element-3a6d3384 elementor-widget elementor-widget-text-editor\" data-id=\"3a6d3384\" data-element_type=\"widget\" data-widget_type=\"text-editor.default\">\n\t\t\t\t<div class=\"elementor-widget-container\">\n\t\t\t\t\t\t\t<p>I dintorni offrono una vasta rete di sentieri escursionistici, che si estendono attraverso paesaggi alpini mozzafiato, rifugi di montagna e vette. Attraverso percorsi tematici, i cicli naturali vengono spiegati in modo interattivo e coinvolgente. Piste per mountain bike o la discesa con il mountaincart offrono divertimento e adrenalina.<\/p><p>Non perdetevi le offerte variegate e gli sconti della Active Card.<\/p>\t\t\t\t\t\t<\/div>\n\t\t\t\t<\/div>\n\t\t\t\t<\/div>\n\t\t\t\t<\/div>\n\t\t<div class=\"elementor-element elementor-element-f840db5 e-con-full full-overlay animated-slow elementor-hidden-desktop elementor-hidden-tablet elementor-hidden-mobile e-flex e-con e-parent\" data-id=\"f840db5\" data-element_type=\"container\" data-settings=\"{&quot;background_background&quot;:&quot;classic&quot;,&quot;animation&quot;:&quot;none&quot;}\">\n\t\t<div class=\"elementor-element elementor-element-6bb7fbcf e-con-full w-40 inner e-flex e-con e-child\" data-id=\"6bb7fbcf\" data-element_type=\"container\">\n\t\t\t\t<div class=\"elementor-element elementor-element-7ed77523 elementor-widget elementor-widget-heading\" data-id=\"7ed77523\" data-element_type=\"widget\" data-widget_type=\"heading.default\">\n\t\t\t\t<div class=\"elementor-widget-container\">\n\t\t\t<h1 class=\"elementor-heading-title elementor-size-default\">Eventuellen Einleitungstext<\/h1>\t\t<\/div>\n\t\t\t\t<\/div>\n\t\t\t\t<div class=\"elementor-element elementor-element-238e53df elementor-widget elementor-widget-text-editor\" data-id=\"238e53df\" data-element_type=\"widget\" data-widget_type=\"text-editor.default\">\n\t\t\t\t<div class=\"elementor-widget-container\">\n\t\t\t\t\t\t\t<p>Oder noch eine andere Sportart die oben hervorgehoben werden k\u00f6nnte<\/p>\t\t\t\t\t\t<\/div>\n\t\t\t\t<\/div>\n\t\t\t\t<\/div>\n\t\t\t\t<\/div>\n\t\t<div class=\"elementor-element elementor-element-d61e95c e-con-full e-flex e-con e-parent\" data-id=\"d61e95c\" data-element_type=\"container\" data-settings=\"{&quot;background_background&quot;:&quot;classic&quot;}\">\n\t\t<div class=\"elementor-element elementor-element-f0313b0 e-con-full e-flex e-con e-child\" data-id=\"f0313b0\" data-element_type=\"container\" data-settings=\"{&quot;background_background&quot;:&quot;classic&quot;}\">\n\t\t<div class=\"elementor-element elementor-element-89f651e e-con-full animated-slow p-b-s e-flex e-con e-child\" data-id=\"89f651e\" data-element_type=\"container\" data-settings=\"{&quot;background_background&quot;:&quot;classic&quot;,&quot;animation&quot;:&quot;none&quot;}\">\n\t\t<div class=\"elementor-element elementor-element-4d1b7a4 e-con-full w-40 inner e-flex e-con e-child\" data-id=\"4d1b7a4\" data-element_type=\"container\">\n\t\t\t\t<div class=\"elementor-element elementor-element-924bfaa elementor-widget__width-inherit elementor-widget elementor-widget-heading\" data-id=\"924bfaa\" data-element_type=\"widget\" data-widget_type=\"heading.default\">\n\t\t\t\t<div class=\"elementor-widget-container\">\n\t\t\t<h2 class=\"elementor-heading-title elementor-size-default\">Bicicletta<\/h2>\t\t<\/div>\n\t\t\t\t<\/div>\n\t\t\t\t<div class=\"elementor-element elementor-element-48bebf2 elementor-widget__width-initial elementor-widget elementor-widget-text-editor\" data-id=\"48bebf2\" data-element_type=\"widget\" data-widget_type=\"text-editor.default\">\n\t\t\t\t<div class=\"elementor-widget-container\">\n\t\t\t\t\t\t\t<p>La Valle di Pflersch offre un paradiso per i ciclisti, soprattutto con la cresta del confine del Brennero. Gli appassionati di MTB possono esplorare la principale dorsale alpina lungo le vecchie strade militari e godere di un&#8217;affascinante vista panoramica.<\/p>\t\t\t\t\t\t<\/div>\n\t\t\t\t<\/div>\n\t\t\t\t<\/div>\n\t\t\t\t<\/div>\n\t\t<div class=\"elementor-element elementor-element-9f805d7 e-con-full relativ numbers-abs animated-slow e-flex e-con e-child\" data-id=\"9f805d7\" data-element_type=\"container\" data-settings=\"{&quot;animation&quot;:&quot;none&quot;}\">\n\t\t\t\t<div class=\"elementor-element elementor-element-e520191 elementor-widget elementor-widget-image\" data-id=\"e520191\" data-element_type=\"widget\" data-widget_type=\"image.default\">\n\t\t\t\t<div class=\"elementor-widget-container\">\n\t\t\t\t\t\t\t\t\t\t\t\t\t<img fetchpriority=\"high\" decoding=\"async\" width=\"800\" height=\"533\" src=\"https:\/\/www.nature-house.it\/wp-content\/uploads\/2024\/10\/mountainbike-urlaub-pflersch-1024x682.jpg\" class=\"attachment-large size-large wp-image-1054\" alt=\"\" srcset=\"https:\/\/www.nature-house.it\/wp-content\/uploads\/2024\/10\/mountainbike-urlaub-pflersch-1024x682.jpg 1024w, https:\/\/www.nature-house.it\/wp-content\/uploads\/2024\/10\/mountainbike-urlaub-pflersch-300x200.jpg 300w, https:\/\/www.nature-house.it\/wp-content\/uploads\/2024\/10\/mountainbike-urlaub-pflersch-768x512.jpg 768w, https:\/\/www.nature-house.it\/wp-content\/uploads\/2024\/10\/mountainbike-urlaub-pflersch-1536x1024.jpg 1536w, https:\/\/www.nature-house.it\/wp-content\/uploads\/2024\/10\/mountainbike-urlaub-pflersch.jpg 2000w\" sizes=\"(max-width: 800px) 100vw, 800px\" \/>\t\t\t\t\t\t\t\t\t\t\t\t\t<\/div>\n\t\t\t\t<\/div>\n\t\t\t\t<\/div>\n\t\t\t\t<\/div>\n\t\t\t\t<\/div>\n\t\t<div class=\"elementor-element elementor-element-1d97472 e-con-full e-flex e-con e-parent\" data-id=\"1d97472\" data-element_type=\"container\" data-settings=\"{&quot;background_background&quot;:&quot;classic&quot;}\">\n\t\t<div class=\"elementor-element elementor-element-8ffe921 e-con-full e-flex e-con e-child\" data-id=\"8ffe921\" data-element_type=\"container\" data-settings=\"{&quot;background_background&quot;:&quot;classic&quot;}\">\n\t\t<div class=\"elementor-element elementor-element-aeddb27 e-con-full relativ numbers-abs animated-slow e-flex e-con e-child\" data-id=\"aeddb27\" data-element_type=\"container\" data-settings=\"{&quot;animation&quot;:&quot;none&quot;}\">\n\t\t\t\t<div class=\"elementor-element elementor-element-fc16f5b elementor-widget elementor-widget-image\" data-id=\"fc16f5b\" data-element_type=\"widget\" data-widget_type=\"image.default\">\n\t\t\t\t<div class=\"elementor-widget-container\">\n\t\t\t\t\t\t\t\t\t\t\t\t\t<img decoding=\"async\" width=\"800\" height=\"534\" src=\"https:\/\/www.nature-house.it\/wp-content\/uploads\/2024\/10\/wanderurlaub-pflersch-1024x683.jpg\" class=\"attachment-large size-large wp-image-1062\" alt=\"\" srcset=\"https:\/\/www.nature-house.it\/wp-content\/uploads\/2024\/10\/wanderurlaub-pflersch-1024x683.jpg 1024w, https:\/\/www.nature-house.it\/wp-content\/uploads\/2024\/10\/wanderurlaub-pflersch-300x200.jpg 300w, https:\/\/www.nature-house.it\/wp-content\/uploads\/2024\/10\/wanderurlaub-pflersch-768x512.jpg 768w, https:\/\/www.nature-house.it\/wp-content\/uploads\/2024\/10\/wanderurlaub-pflersch-1536x1024.jpg 1536w, https:\/\/www.nature-house.it\/wp-content\/uploads\/2024\/10\/wanderurlaub-pflersch-2048x1365.jpg 2048w\" sizes=\"(max-width: 800px) 100vw, 800px\" \/>\t\t\t\t\t\t\t\t\t\t\t\t\t<\/div>\n\t\t\t\t<\/div>\n\t\t\t\t<\/div>\n\t\t<div class=\"elementor-element elementor-element-eee97d7 e-con-full animated-slow p-b-s e-flex e-con e-child\" data-id=\"eee97d7\" data-element_type=\"container\" data-settings=\"{&quot;background_background&quot;:&quot;classic&quot;,&quot;animation&quot;:&quot;none&quot;}\">\n\t\t<div class=\"elementor-element elementor-element-8d0d193 e-con-full w-40 inner e-flex e-con e-child\" data-id=\"8d0d193\" data-element_type=\"container\">\n\t\t\t\t<div class=\"elementor-element elementor-element-d750a35 elementor-widget__width-inherit elementor-widget elementor-widget-heading\" data-id=\"d750a35\" data-element_type=\"widget\" data-widget_type=\"heading.default\">\n\t\t\t\t<div class=\"elementor-widget-container\">\n\t\t\t<h2 class=\"elementor-heading-title elementor-size-default\">escursioni<\/h2>\t\t<\/div>\n\t\t\t\t<\/div>\n\t\t\t\t<div class=\"elementor-element elementor-element-9a53c49 elementor-widget__width-initial elementor-widget elementor-widget-text-editor\" data-id=\"9a53c49\" data-element_type=\"widget\" data-widget_type=\"text-editor.default\">\n\t\t\t\t<div class=\"elementor-widget-container\">\n\t\t\t\t\t\t\t<p>Fate un&#8217;escursione in una delle pi\u00f9 belle valli dell&#8217;Alto Adige e portate con voi esperienze naturalistiche indimenticabili. L&#8217;alpinismo e l&#8217;arrampicata in montagna, le piacevoli escursioni sulle malghe e i sentieri tematici rendono la giornata un&#8217;avventura.<\/p>\t\t\t\t\t\t<\/div>\n\t\t\t\t<\/div>\n\t\t\t\t<\/div>\n\t\t\t\t<\/div>\n\t\t\t\t<\/div>\n\t\t\t\t<\/div>\n\t\t<div class=\"elementor-element elementor-element-d76d201 e-con-full full-overlay animated-slow e-flex e-con e-parent\" data-id=\"d76d201\" data-element_type=\"container\" data-settings=\"{&quot;background_background&quot;:&quot;classic&quot;,&quot;animation&quot;:&quot;none&quot;}\">\n\t\t<div class=\"elementor-element elementor-element-05ad91f e-con-full w-40 inner p-t-l p-bt-s e-flex e-con e-child\" data-id=\"05ad91f\" data-element_type=\"container\">\n\t\t\t\t<div class=\"elementor-element elementor-element-9a65ba9 elementor-widget elementor-widget-heading\" data-id=\"9a65ba9\" data-element_type=\"widget\" data-widget_type=\"heading.default\">\n\t\t\t\t<div class=\"elementor-widget-container\">\n\t\t\t<h1 class=\"elementor-heading-title elementor-size-default\">Mountaincart<\/h1>\t\t<\/div>\n\t\t\t\t<\/div>\n\t\t<div class=\"elementor-element elementor-element-c9054c8 e-con-full inner e-flex e-con e-child\" data-id=\"c9054c8\" data-element_type=\"container\">\n\t\t\t\t<div class=\"elementor-element elementor-element-1eed870 elementor-widget elementor-widget-text-editor\" data-id=\"1eed870\" data-element_type=\"widget\" data-widget_type=\"text-editor.default\">\n\t\t\t\t<div class=\"elementor-widget-container\">\n\t\t\t\t\t\t\t<p>Concedetevi una scarica di adrenalina sulla pista di mountain cart nell&#8217;area escursionistica di Ladurns. L&#8217;azione e il divertimento sono garantiti.<\/p>\t\t\t\t\t\t<\/div>\n\t\t\t\t<\/div>\n\t\t\t\t<\/div>\n\t\t\t\t<\/div>\n\t\t\t\t<\/div>\n\t\t<div class=\"elementor-element elementor-element-56262c55 e-con-full e-flex e-con e-parent\" data-id=\"56262c55\" data-element_type=\"container\" data-settings=\"{&quot;background_background&quot;:&quot;classic&quot;}\">\n\t\t<div class=\"elementor-element elementor-element-414e6e65 e-con-full e-flex e-con e-child\" data-id=\"414e6e65\" data-element_type=\"container\" data-settings=\"{&quot;background_background&quot;:&quot;classic&quot;}\">\n\t\t<div class=\"elementor-element elementor-element-2f778154 e-con-full relativ numbers-abs animated-slow e-flex e-con e-child\" data-id=\"2f778154\" data-element_type=\"container\" data-settings=\"{&quot;animation&quot;:&quot;none&quot;,&quot;background_background&quot;:&quot;classic&quot;}\">\n\t\t\t\t<div class=\"elementor-element elementor-element-1431fb6 elementor-widget elementor-widget-image\" data-id=\"1431fb6\" data-element_type=\"widget\" data-widget_type=\"image.default\">\n\t\t\t\t<div class=\"elementor-widget-container\">\n\t\t\t\t\t\t\t\t\t\t\t\t\t<img decoding=\"async\" width=\"800\" height=\"534\" src=\"https:\/\/www.nature-house.it\/wp-content\/uploads\/2024\/11\/herbs-6203568_1280-1024x683.jpg\" class=\"attachment-large size-large wp-image-1096\" alt=\"\" srcset=\"https:\/\/www.nature-house.it\/wp-content\/uploads\/2024\/11\/herbs-6203568_1280-1024x683.jpg 1024w, https:\/\/www.nature-house.it\/wp-content\/uploads\/2024\/11\/herbs-6203568_1280-300x200.jpg 300w, https:\/\/www.nature-house.it\/wp-content\/uploads\/2024\/11\/herbs-6203568_1280-768x512.jpg 768w, https:\/\/www.nature-house.it\/wp-content\/uploads\/2024\/11\/herbs-6203568_1280.jpg 1280w\" sizes=\"(max-width: 800px) 100vw, 800px\" \/>\t\t\t\t\t\t\t\t\t\t\t\t\t<\/div>\n\t\t\t\t<\/div>\n\t\t\t\t<\/div>\n\t\t<div class=\"elementor-element elementor-element-74f48ce6 e-con-full animated-slow p-b-s e-flex e-con e-child\" data-id=\"74f48ce6\" data-element_type=\"container\" data-settings=\"{&quot;background_background&quot;:&quot;classic&quot;,&quot;animation&quot;:&quot;none&quot;}\">\n\t\t<div class=\"elementor-element elementor-element-fa9544a e-con-full w-40 inner e-flex e-con e-child\" data-id=\"fa9544a\" data-element_type=\"container\">\n\t\t\t\t<div class=\"elementor-element elementor-element-4ebfc989 elementor-widget__width-inherit elementor-widget elementor-widget-heading\" data-id=\"4ebfc989\" data-element_type=\"widget\" data-widget_type=\"heading.default\">\n\t\t\t\t<div class=\"elementor-widget-container\">\n\t\t\t<h2 class=\"elementor-heading-title elementor-size-default\">Giardino di erbe Wipptal<\/h2>\t\t<\/div>\n\t\t\t\t<\/div>\n\t\t\t\t<div class=\"elementor-element elementor-element-1bc4e915 elementor-widget__width-initial elementor-widget elementor-widget-text-editor\" data-id=\"1bc4e915\" data-element_type=\"widget\" data-widget_type=\"text-editor.default\">\n\t\t\t\t<div class=\"elementor-widget-container\">\n\t\t\t\t\t\t\t<p>Visitate il vicino giardino delle erbe e scoprite i segreti delle preziose e gustose erbe di montagna. Oppure immergetevi nella natura con un&#8217;escursione alle erbe selvatiche.<\/p>\t\t\t\t\t\t<\/div>\n\t\t\t\t<\/div>\n\t\t\t\t<\/div>\n\t\t\t\t<\/div>\n\t\t\t\t<\/div>\n\t\t\t\t<\/div>\n\t\t<div class=\"elementor-element elementor-element-87891b1 e-con-full full-overlay animated-slow elementor-hidden-desktop elementor-hidden-tablet elementor-hidden-mobile e-flex e-con e-parent\" data-id=\"87891b1\" data-element_type=\"container\" data-settings=\"{&quot;background_background&quot;:&quot;classic&quot;,&quot;animation&quot;:&quot;none&quot;}\">\n\t\t<div class=\"elementor-element elementor-element-d57ccb4 e-con-full w-40 inner p-t-l p-bt-s e-flex e-con e-child\" data-id=\"d57ccb4\" data-element_type=\"container\">\n\t\t\t\t<div class=\"elementor-element elementor-element-304a9ac elementor-widget elementor-widget-heading\" data-id=\"304a9ac\" data-element_type=\"widget\" data-widget_type=\"heading.default\">\n\t\t\t\t<div class=\"elementor-widget-container\">\n\t\t\t<h1 class=\"elementor-heading-title elementor-size-default\">Gemeinschaft erleben<\/h1>\t\t<\/div>\n\t\t\t\t<\/div>\n\t\t<div class=\"elementor-element elementor-element-78541b3 e-con-full inner e-flex e-con e-child\" data-id=\"78541b3\" data-element_type=\"container\">\n\t\t\t\t<div class=\"elementor-element elementor-element-2eff46c elementor-widget elementor-widget-text-editor\" data-id=\"2eff46c\" data-element_type=\"widget\" data-widget_type=\"text-editor.default\">\n\t\t\t\t<div class=\"elementor-widget-container\">\n\t\t\t\t\t\t\t<p>Imin pra sita volorep elitintis ditaqui denditi orruptae sus et id quo te commoluptur. Qui officiliquas a dolore aosdf cit quatisi repeliatquo qui natisciis nus asi reprore cusdamusapis re esed evelend aectio tendament labo. Nam eum sum est rane que optatempe optate con asdtz omert serspere et essus<\/p>\t\t\t\t\t\t<\/div>\n\t\t\t\t<\/div>\n\t\t\t\t<div class=\"elementor-element elementor-element-cf03af3 mehr-erfahren-link elementor-widget elementor-widget-heading\" data-id=\"cf03af3\" data-element_type=\"widget\" data-widget_type=\"heading.default\">\n\t\t\t\t<div class=\"elementor-widget-container\">\n\t\t\t<span class=\"elementor-heading-title elementor-size-default\">Mehr erfahren<\/span>\t\t<\/div>\n\t\t\t\t<\/div>\n\t\t\t\t<\/div>\n\t\t\t\t<\/div>\n\t\t\t\t<\/div>\n\t\t<div class=\"elementor-element elementor-element-32813a5 e-con-full full-overlay animated-slow elementor-hidden-desktop elementor-hidden-tablet elementor-hidden-mobile e-flex e-con e-parent\" data-id=\"32813a5\" data-element_type=\"container\" data-settings=\"{&quot;background_background&quot;:&quot;classic&quot;,&quot;animation&quot;:&quot;none&quot;}\">\n\t\t<div class=\"elementor-element elementor-element-b7e2fc5 e-con-full w-40 inner p-t-l p-bt-s e-flex e-con e-child\" data-id=\"b7e2fc5\" data-element_type=\"container\">\n\t\t\t\t<div class=\"elementor-element elementor-element-9b0ee83 elementor-widget elementor-widget-heading\" data-id=\"9b0ee83\" data-element_type=\"widget\" data-widget_type=\"heading.default\">\n\t\t\t\t<div class=\"elementor-widget-container\">\n\t\t\t<h1 class=\"elementor-heading-title elementor-size-default\">Durchatmen<\/h1>\t\t<\/div>\n\t\t\t\t<\/div>\n\t\t<div class=\"elementor-element elementor-element-d68573f e-con-full inner e-flex e-con e-child\" data-id=\"d68573f\" data-element_type=\"container\">\n\t\t\t\t<div class=\"elementor-element elementor-element-56c4003 elementor-widget elementor-widget-text-editor\" data-id=\"56c4003\" data-element_type=\"widget\" data-widget_type=\"text-editor.default\">\n\t\t\t\t<div class=\"elementor-widget-container\">\n\t\t\t\t\t\t\t<p>Imin pra sita volorep elitintis ditaqui denditi orruptae sus et id quo te commoluptur. Qui officiliquas a dolore aosdf cit quatisi repeliatquo qui natisciis nus asi reprore cusdamusapis re esed evelend aectio tendament labo. Nam eum sum est rane que optatempe optate con asdtz omert serspere et essus<\/p>\t\t\t\t\t\t<\/div>\n\t\t\t\t<\/div>\n\t\t\t\t<div class=\"elementor-element elementor-element-f7c682e mehr-erfahren-link elementor-widget elementor-widget-heading\" data-id=\"f7c682e\" data-element_type=\"widget\" data-widget_type=\"heading.default\">\n\t\t\t\t<div class=\"elementor-widget-container\">\n\t\t\t<span class=\"elementor-heading-title elementor-size-default\">Mehr erfahren<\/span>\t\t<\/div>\n\t\t\t\t<\/div>\n\t\t\t\t<\/div>\n\t\t\t\t<\/div>\n\t\t\t\t<\/div>\n\t\t<div class=\"elementor-element elementor-element-d50e5e3 e-con-full elementor-hidden-desktop elementor-hidden-tablet elementor-hidden-mobile e-flex e-con e-parent\" data-id=\"d50e5e3\" data-element_type=\"container\" data-settings=\"{&quot;background_background&quot;:&quot;classic&quot;}\">\n\t\t<div class=\"elementor-element elementor-element-d8829e3 e-con-full e-flex e-con e-child\" data-id=\"d8829e3\" data-element_type=\"container\" data-settings=\"{&quot;background_background&quot;:&quot;classic&quot;}\">\n\t\t<div class=\"elementor-element elementor-element-acf5294 e-con-full relativ numbers-abs animated-slow e-flex e-con e-child\" data-id=\"acf5294\" data-element_type=\"container\" data-settings=\"{&quot;animation&quot;:&quot;none&quot;,&quot;background_background&quot;:&quot;classic&quot;}\">\n\t\t\t\t<\/div>\n\t\t<div class=\"elementor-element elementor-element-99549b2 e-con-full animated-slow p-b-s e-flex e-con e-child\" data-id=\"99549b2\" data-element_type=\"container\" data-settings=\"{&quot;background_background&quot;:&quot;classic&quot;,&quot;animation&quot;:&quot;none&quot;}\">\n\t\t<div class=\"elementor-element elementor-element-29962c2 e-con-full w-40 inner e-flex e-con e-child\" data-id=\"29962c2\" data-element_type=\"container\">\n\t\t\t\t<div class=\"elementor-element elementor-element-22046d2 elementor-widget__width-inherit elementor-widget elementor-widget-heading\" data-id=\"22046d2\" data-element_type=\"widget\" data-widget_type=\"heading.default\">\n\t\t\t\t<div class=\"elementor-widget-container\">\n\t\t\t<h2 class=\"elementor-heading-title elementor-size-default\">Das sind wir<\/h2>\t\t<\/div>\n\t\t\t\t<\/div>\n\t\t\t\t<div class=\"elementor-element elementor-element-3b499a6 elementor-widget__width-initial elementor-widget elementor-widget-text-editor\" data-id=\"3b499a6\" data-element_type=\"widget\" data-widget_type=\"text-editor.default\">\n\t\t\t\t<div class=\"elementor-widget-container\">\n\t\t\t\t\t\t\t<p>Karin ist Lehrerin und vor allem Zukunftsmacherin. Seit Jahren macht sie verschiedene nachhaltige Projekte und Aktionen an Schulen in ganz Europa. Mit dem nature house setzt sie ihre Vision einer besseren Zukunft f\u00fcr uns alle um und l\u00e4sst uns miterleben, was alles m\u00f6glich ist.<\/p><p>Ihr Mann Speedy (Koch) und ihre S\u00f6hne Lenny und Lasse sind Teil des \u00d6kosystems nature house.<\/p>\t\t\t\t\t\t<\/div>\n\t\t\t\t<\/div>\n\t\t\t\t<div class=\"elementor-element elementor-element-bf946f4 mehr-erfahren-link elementor-widget elementor-widget-heading\" data-id=\"bf946f4\" data-element_type=\"widget\" data-widget_type=\"heading.default\">\n\t\t\t\t<div class=\"elementor-widget-container\">\n\t\t\t<span class=\"elementor-heading-title elementor-size-default\">Mehr erfahren<\/span>\t\t<\/div>\n\t\t\t\t<\/div>\n\t\t\t\t<\/div>\n\t\t\t\t<\/div>\n\t\t\t\t<\/div>\n\t\t\t\t<\/div>\n\t\t\t\t<\/div>\n\t\t","protected":false},"excerpt":{"rendered":"<p>In estate I dintorni offrono una vasta rete di sentieri escursionistici, che si estendono attraverso paesaggi alpini mozzafiato, rifugi di montagna e vette. Attraverso percorsi tematici, i cicli naturali vengono spiegati in modo interattivo e coinvolgente. Piste per mountain bike o la discesa con il mountaincart offrono divertimento e adrenalina. Non perdetevi le offerte variegate [&hellip;]<\/p>\n","protected":false},"author":1,"featured_media":0,"parent":0,"menu_order":0,"comment_status":"closed","ping_status":"closed","template":"","meta":{"_acf_changed":false,"footnotes":""},"class_list":["post-1120","page","type-page","status-publish","hentry"],"acf":[],"yoast_head":"<!-- This site is optimized with the Yoast SEO plugin v22.8 - https:\/\/yoast.com\/wordpress\/plugins\/seo\/ -->\n<title>In estate<\/title>\n<meta name=\"description\" content=\"Sfruttate le numerose offerte estive nella Val Di Fleres e godetevi al massimo la vostra vacanza.\" \/>\n<meta name=\"robots\" content=\"index, follow, max-snippet:-1, max-image-preview:large, max-video-preview:-1\" \/>\n<link rel=\"canonical\" href=\"https:\/\/www.nature-house.it\/it\/in-estate\/\" \/>\n<meta property=\"og:locale\" content=\"it_IT\" \/>\n<meta property=\"og:type\" content=\"article\" \/>\n<meta property=\"og:title\" content=\"In estate\" \/>\n<meta property=\"og:description\" content=\"Sfruttate le numerose offerte estive nella Val Di Fleres e godetevi al massimo la vostra vacanza.\" \/>\n<meta property=\"og:url\" content=\"https:\/\/www.nature-house.it\/it\/in-estate\/\" \/>\n<meta property=\"og:site_name\" content=\"Nature House\" \/>\n<meta property=\"article:modified_time\" content=\"2024-11-13T15:04:20+00:00\" \/>\n<meta property=\"og:image\" content=\"https:\/\/www.nature-house.it\/wp-content\/uploads\/2024\/10\/mountainbike-urlaub-pflersch-1024x682.jpg\" \/>\n<meta name=\"twitter:card\" content=\"summary_large_image\" \/>\n<meta name=\"twitter:label1\" content=\"Tempo di lettura stimato\" \/>\n\t<meta name=\"twitter:data1\" content=\"3 minuti\" \/>\n<script type=\"application\/ld+json\" class=\"yoast-schema-graph\">{\"@context\":\"https:\/\/schema.org\",\"@graph\":[{\"@type\":\"WebPage\",\"@id\":\"https:\/\/www.nature-house.it\/it\/in-estate\/\",\"url\":\"https:\/\/www.nature-house.it\/it\/in-estate\/\",\"name\":\"In estate\",\"isPartOf\":{\"@id\":\"https:\/\/www.nature-house.it\/it\/#website\"},\"primaryImageOfPage\":{\"@id\":\"https:\/\/www.nature-house.it\/it\/in-estate\/#primaryimage\"},\"image\":{\"@id\":\"https:\/\/www.nature-house.it\/it\/in-estate\/#primaryimage\"},\"thumbnailUrl\":\"https:\/\/www.nature-house.it\/wp-content\/uploads\/2024\/10\/mountainbike-urlaub-pflersch-1024x682.jpg\",\"datePublished\":\"2024-10-10T07:19:06+00:00\",\"dateModified\":\"2024-11-13T15:04:20+00:00\",\"description\":\"Sfruttate le numerose offerte estive nella Val Di Fleres e godetevi al massimo la vostra vacanza.\",\"breadcrumb\":{\"@id\":\"https:\/\/www.nature-house.it\/it\/in-estate\/#breadcrumb\"},\"inLanguage\":\"it-IT\",\"potentialAction\":[{\"@type\":\"ReadAction\",\"target\":[\"https:\/\/www.nature-house.it\/it\/in-estate\/\"]}]},{\"@type\":\"ImageObject\",\"inLanguage\":\"it-IT\",\"@id\":\"https:\/\/www.nature-house.it\/it\/in-estate\/#primaryimage\",\"url\":\"https:\/\/www.nature-house.it\/wp-content\/uploads\/2024\/10\/mountainbike-urlaub-pflersch-1024x682.jpg\",\"contentUrl\":\"https:\/\/www.nature-house.it\/wp-content\/uploads\/2024\/10\/mountainbike-urlaub-pflersch-1024x682.jpg\"},{\"@type\":\"BreadcrumbList\",\"@id\":\"https:\/\/www.nature-house.it\/it\/in-estate\/#breadcrumb\",\"itemListElement\":[{\"@type\":\"ListItem\",\"position\":1,\"name\":\"Startseite\",\"item\":\"https:\/\/www.nature-house.it\/it\/\"},{\"@type\":\"ListItem\",\"position\":2,\"name\":\"IN ESTATE\"}]},{\"@type\":\"WebSite\",\"@id\":\"https:\/\/www.nature-house.it\/it\/#website\",\"url\":\"https:\/\/www.nature-house.it\/it\/\",\"name\":\"Nature House\",\"description\":\"\",\"publisher\":{\"@id\":\"https:\/\/www.nature-house.it\/it\/#organization\"},\"potentialAction\":[{\"@type\":\"SearchAction\",\"target\":{\"@type\":\"EntryPoint\",\"urlTemplate\":\"https:\/\/www.nature-house.it\/it\/?s={search_term_string}\"},\"query-input\":\"required name=search_term_string\"}],\"inLanguage\":\"it-IT\"},{\"@type\":\"Organization\",\"@id\":\"https:\/\/www.nature-house.it\/it\/#organization\",\"name\":\"Nature House\",\"url\":\"https:\/\/www.nature-house.it\/it\/\",\"logo\":{\"@type\":\"ImageObject\",\"inLanguage\":\"it-IT\",\"@id\":\"https:\/\/www.nature-house.it\/it\/#\/schema\/logo\/image\/\",\"url\":\"https:\/\/www.nature-house.it\/wp-content\/uploads\/2024\/09\/Gruppe-11-1.svg\",\"contentUrl\":\"https:\/\/www.nature-house.it\/wp-content\/uploads\/2024\/09\/Gruppe-11-1.svg\",\"width\":310,\"height\":194,\"caption\":\"Nature House\"},\"image\":{\"@id\":\"https:\/\/www.nature-house.it\/it\/#\/schema\/logo\/image\/\"}}]}<\/script>\n<!-- \/ Yoast SEO plugin. -->","yoast_head_json":{"title":"In estate","description":"Sfruttate le numerose offerte estive nella Val Di Fleres e godetevi al massimo la vostra vacanza.","robots":{"index":"index","follow":"follow","max-snippet":"max-snippet:-1","max-image-preview":"max-image-preview:large","max-video-preview":"max-video-preview:-1"},"canonical":"https:\/\/www.nature-house.it\/it\/in-estate\/","og_locale":"it_IT","og_type":"article","og_title":"In estate","og_description":"Sfruttate le numerose offerte estive nella Val Di Fleres e godetevi al massimo la vostra vacanza.","og_url":"https:\/\/www.nature-house.it\/it\/in-estate\/","og_site_name":"Nature House","article_modified_time":"2024-11-13T15:04:20+00:00","og_image":[{"url":"https:\/\/www.nature-house.it\/wp-content\/uploads\/2024\/10\/mountainbike-urlaub-pflersch-1024x682.jpg"}],"twitter_card":"summary_large_image","twitter_misc":{"Tempo di lettura stimato":"3 minuti"},"schema":{"@context":"https:\/\/schema.org","@graph":[{"@type":"WebPage","@id":"https:\/\/www.nature-house.it\/it\/in-estate\/","url":"https:\/\/www.nature-house.it\/it\/in-estate\/","name":"In estate","isPartOf":{"@id":"https:\/\/www.nature-house.it\/it\/#website"},"primaryImageOfPage":{"@id":"https:\/\/www.nature-house.it\/it\/in-estate\/#primaryimage"},"image":{"@id":"https:\/\/www.nature-house.it\/it\/in-estate\/#primaryimage"},"thumbnailUrl":"https:\/\/www.nature-house.it\/wp-content\/uploads\/2024\/10\/mountainbike-urlaub-pflersch-1024x682.jpg","datePublished":"2024-10-10T07:19:06+00:00","dateModified":"2024-11-13T15:04:20+00:00","description":"Sfruttate le numerose offerte estive nella Val Di Fleres e godetevi al massimo la vostra vacanza.","breadcrumb":{"@id":"https:\/\/www.nature-house.it\/it\/in-estate\/#breadcrumb"},"inLanguage":"it-IT","potentialAction":[{"@type":"ReadAction","target":["https:\/\/www.nature-house.it\/it\/in-estate\/"]}]},{"@type":"ImageObject","inLanguage":"it-IT","@id":"https:\/\/www.nature-house.it\/it\/in-estate\/#primaryimage","url":"https:\/\/www.nature-house.it\/wp-content\/uploads\/2024\/10\/mountainbike-urlaub-pflersch-1024x682.jpg","contentUrl":"https:\/\/www.nature-house.it\/wp-content\/uploads\/2024\/10\/mountainbike-urlaub-pflersch-1024x682.jpg"},{"@type":"BreadcrumbList","@id":"https:\/\/www.nature-house.it\/it\/in-estate\/#breadcrumb","itemListElement":[{"@type":"ListItem","position":1,"name":"Startseite","item":"https:\/\/www.nature-house.it\/it\/"},{"@type":"ListItem","position":2,"name":"IN ESTATE"}]},{"@type":"WebSite","@id":"https:\/\/www.nature-house.it\/it\/#website","url":"https:\/\/www.nature-house.it\/it\/","name":"Nature House","description":"","publisher":{"@id":"https:\/\/www.nature-house.it\/it\/#organization"},"potentialAction":[{"@type":"SearchAction","target":{"@type":"EntryPoint","urlTemplate":"https:\/\/www.nature-house.it\/it\/?s={search_term_string}"},"query-input":"required name=search_term_string"}],"inLanguage":"it-IT"},{"@type":"Organization","@id":"https:\/\/www.nature-house.it\/it\/#organization","name":"Nature House","url":"https:\/\/www.nature-house.it\/it\/","logo":{"@type":"ImageObject","inLanguage":"it-IT","@id":"https:\/\/www.nature-house.it\/it\/#\/schema\/logo\/image\/","url":"https:\/\/www.nature-house.it\/wp-content\/uploads\/2024\/09\/Gruppe-11-1.svg","contentUrl":"https:\/\/www.nature-house.it\/wp-content\/uploads\/2024\/09\/Gruppe-11-1.svg","width":310,"height":194,"caption":"Nature House"},"image":{"@id":"https:\/\/www.nature-house.it\/it\/#\/schema\/logo\/image\/"}}]}},"_links":{"self":[{"href":"https:\/\/www.nature-house.it\/it\/wp-json\/wp\/v2\/pages\/1120","targetHints":{"allow":["GET"]}}],"collection":[{"href":"https:\/\/www.nature-house.it\/it\/wp-json\/wp\/v2\/pages"}],"about":[{"href":"https:\/\/www.nature-house.it\/it\/wp-json\/wp\/v2\/types\/page"}],"author":[{"embeddable":true,"href":"https:\/\/www.nature-house.it\/it\/wp-json\/wp\/v2\/users\/1"}],"replies":[{"embeddable":true,"href":"https:\/\/www.nature-house.it\/it\/wp-json\/wp\/v2\/comments?post=1120"}],"version-history":[{"count":13,"href":"https:\/\/www.nature-house.it\/it\/wp-json\/wp\/v2\/pages\/1120\/revisions"}],"predecessor-version":[{"id":1425,"href":"https:\/\/www.nature-house.it\/it\/wp-json\/wp\/v2\/pages\/1120\/revisions\/1425"}],"wp:attachment":[{"href":"https:\/\/www.nature-house.it\/it\/wp-json\/wp\/v2\/media?parent=1120"}],"curies":[{"name":"wp","href":"https:\/\/api.w.org\/{rel}","templated":true}]}}